{"id":3558,"date":"2020-05-15T09:20:37","date_gmt":"2020-05-15T07:20:37","guid":{"rendered":"https:\/\/oms.fr\/?page_id=3558"},"modified":"2026-04-24T11:56:19","modified_gmt":"2026-04-24T09:56:19","slug":"tri-selectif","status":"publish","type":"page","link":"https:\/\/www.oms.fr\/en\/tri-selectif\/","title":{"rendered":"Tri s\u00e9lectif"},"content":{"rendered":"<p><a href=\"https:\/\/www.cc-aspres.fr\/encombrants\/#1671185184961-a600226a-6f79\" target=\"_blank\" rel=\"noopener\"><strong>Calendriers Encombrants 2026<\/strong><\/a><\/p>\n<p><strong><a href=\"https:\/\/www.cc-aspres.fr\/collecte-des-dechets\/#1670407054297-432b8c02-42d1\" target=\"_blank\" rel=\"noopener\">Collecte &#8211; Guide des d\u00e9chets 2026<\/a><\/strong><\/p>\n<p><strong>Ramassage\u00a0 Bacs individuels:<\/strong><br \/>\n<strong> Bacs verts<\/strong> (<em>Ordures m\u00e9nag\u00e8res<\/em>)\u00a0 Tous les vendredis.<br \/>\n<strong>Bacs Jaunes <\/strong>(R<em>ecyclables<\/em>)\u00a0 Mercredi en<strong> semaine impaire<\/strong> (soit tous les 15 jours)<\/p>\n<h4><img decoding=\"async\" id=\"fancybox-img\" src=\"http:\/\/www.cc-aspres.fr\/images\/2-LES-SERVICES\/D%C3%A9chets\/d%C3%A9chets_2018\/recyclage_bis.jpg\" alt=\"\" \/><\/h4>\n<p><strong>D\u00e9chets encombrants:<\/strong> D\u00e9finition: ces d\u00e9chets ne peuvent rentrer dans un v\u00e9hicule (nature\/volume) et n\u00e9cessitent l\u2019intervention de nos \u00e9quipes. Les encombrants ne doivent pas exc\u00e9der 2m3 par inscription.<\/p>\n<p>Ramassage sur inscription aupr\u00e8s des services techniques de la communaut\u00e9 des communes des Aspres, au plus tard 48h avant la date fix\u00e9e. N\u00b0 unique: 04.68.66.59.61<\/p>\n<p>Encombrants: <a href=\"https:\/\/www.oms.fr\/wp-content\/uploads\/2024\/12\/DOC161224-001.pdf\" target=\"_blank\" rel=\"noopener\"><strong>T\u00e9l\u00e9charger le calendrier<\/strong><\/a><\/p>\n<p>&nbsp;<\/p>\n<p>&nbsp;<\/p>\n<p><strong>D\u00e9ch\u00e8terie<\/strong>:\u00a0 particulier r\u00e9sidant \u00e0 Oms demandez \u00e0 la mairie votre carte d\u2019acc\u00e8s <strong>gratuite<\/strong> \u00e0 la d\u00e9ch\u00e8terie (mais factur\u00e9e 10\u20ac en cas de perte) :<\/p>\n<ul>\n<li>Trouillas 04 68 08 53 31 &#8211; \u00e0 16 km de Oms<\/li>\n<li>Thuir 04 68 53 30 36 &#8211; \u00e0 21 km de Oms<\/li>\n<\/ul>\n<p>Ouvertes toute l&rsquo;ann\u00e9e du lundi au samedi de 9h \u00e0 12h et de 14h30 \u00e0 17h30- (sauf jours f\u00e9ri\u00e9s)<\/p>\n<h3><a href=\"http:\/\/www.cc-aspres.fr\/index.php?option=com_content&amp;view=article&amp;id=218&amp;Itemid=658\">-&gt;<\/a><a href=\"https:\/\/www.cc-aspres.fr\/decheteries\/\" target=\"_blank\" rel=\"noopener noreferrer\">D\u00e9chets accept\u00e9s en d\u00e9ch\u00e8teries<\/a><\/h3>\n<div class=\"wpb_text_column wpb_content_element\">\n<div class=\"wpb_wrapper\">\n<h3><strong>Le Compostage Individuel<\/strong><\/h3>\n<p>Cette pratique permet de d\u00e9tourner plus de\u00a0<strong>30% du volume<\/strong>\u00a0de sa poubelle d\u2019Ordures M\u00e9nag\u00e8res (couvercle vert), soit pr\u00e8s de\u00a0<strong>40 kg de biod\u00e9chets par an\/ habitant.<\/strong>\u00a0Le compostage permet ainsi d\u2019avoir un impact positif sur notre environnement (le biod\u00e9chet n\u2019est plus transport\u00e9 pour \u00eatre incin\u00e9r\u00e9) et d\u2019obtenir une nouvelle ressource :\u00a0<strong>le compost<\/strong>.<\/p>\n<\/div>\n<\/div>\n<div class=\"wpb_text_column wpb_content_element vc_custom_1664877618497\">\n<div class=\"wpb_wrapper\">\n<blockquote><p>Obtenez votre propre composteur\u00a0<strong>\u00e0 5\u20ac<\/strong>\u00a0aupr\u00e8s de votre\u00a0<strong>Mairie<\/strong>\u00a0ou des\u00a0<strong>Services Techniques<\/strong>\u00a0de la CC Aspres<br \/>\n(Tel:\u00a0<strong>04.68.66.59.61<\/strong>\/ @:\u00a0<strong>accueil.technique@cc-aspres.fr<\/strong>)<\/p><\/blockquote>\n<\/div>\n<\/div>","protected":false},"excerpt":{"rendered":"<p>Calendriers Encombrants 2026 Collecte &#8211; Guide des d\u00e9chets 2026 Ramassage\u00a0 Bacs individuels: Bacs verts (Ordures m\u00e9nag\u00e8res)\u00a0 Tous les vendredis. Bacs Jaunes (Recyclables)\u00a0 Mercredi en semaine impaire (soit tous les 15 jours) D\u00e9chets encombrants: D\u00e9finition: ces d\u00e9chets ne peuvent rentrer dans [&hellip;]<\/p>\n","protected":false},"author":2,"featured_media":0,"parent":0,"menu_order":0,"comment_status":"closed","ping_status":"closed","template":"","meta":{"_acf_changed":false,"footnotes":""},"class_list":["post-3558","page","type-page","status-publish","hentry"],"acf":[],"_links":{"self":[{"href":"https:\/\/www.oms.fr\/en\/wp-json\/wp\/v2\/pages\/3558","targetHints":{"allow":["GET"]}}],"collection":[{"href":"https:\/\/www.oms.fr\/en\/wp-json\/wp\/v2\/pages"}],"about":[{"href":"https:\/\/www.oms.fr\/en\/wp-json\/wp\/v2\/types\/page"}],"author":[{"embeddable":true,"href":"https:\/\/www.oms.fr\/en\/wp-json\/wp\/v2\/users\/2"}],"replies":[{"embeddable":true,"href":"https:\/\/www.oms.fr\/en\/wp-json\/wp\/v2\/comments?post=3558"}],"version-history":[{"count":10,"href":"https:\/\/www.oms.fr\/en\/wp-json\/wp\/v2\/pages\/3558\/revisions"}],"predecessor-version":[{"id":646734,"href":"https:\/\/www.oms.fr\/en\/wp-json\/wp\/v2\/pages\/3558\/revisions\/646734"}],"wp:attachment":[{"href":"https:\/\/www.oms.fr\/en\/wp-json\/wp\/v2\/media?parent=3558"}],"curies":[{"name":"wp","href":"https:\/\/api.w.org\/{rel}","templated":true}]}}