{"id":3655,"date":"2020-05-25T14:30:09","date_gmt":"2020-05-25T12:30:09","guid":{"rendered":"https:\/\/oms.fr\/?page_id=3655"},"modified":"2025-09-15T12:16:15","modified_gmt":"2025-09-15T10:16:15","slug":"services","status":"publish","type":"page","link":"https:\/\/www.oms.fr\/en\/services\/","title":{"rendered":"Services"},"content":{"rendered":"<div id=\"pl-3655\"  class=\"panel-layout\" ><div id=\"pg-3655-0\"  class=\"panel-grid panel-no-style\" ><div id=\"pgc-3655-0-0\"  class=\"panel-grid-cell\" ><div id=\"panel-3655-0-0-0\" class=\"so-panel widget widget_sow-editor panel-first-child panel-last-child\" data-index=\"0\" ><div\n\t\t\t\n\t\t\tclass=\"so-widget-sow-editor so-widget-sow-editor-base\"\n\t\t\t\n\t\t>\n<div class=\"siteorigin-widget-tinymce textwidget\">\n\t<h2 style=\"text-align: center;\"><strong>Les bonnes adresses des services \u00e0 Oms\u00a0<\/strong><\/h2>\n<p><strong>Service de transport a la demande\u00a0<\/strong><br \/>\n<a href=\"https:\/\/www.oms.fr\/wp-content\/uploads\/2024\/08\/TAD-ceret.pdf\" target=\"_blank\" rel=\"noopener\"><img loading=\"lazy\" decoding=\"async\" class=\"alignnone wp-image-171027 size-medium\" src=\"https:\/\/www.oms.fr\/wp-content\/uploads\/2024\/08\/TAD-ceret-300x279.jpg\" alt=\"\" width=\"300\" height=\"279\" srcset=\"https:\/\/www.oms.fr\/wp-content\/uploads\/2024\/08\/TAD-ceret-300x279.jpg 300w, https:\/\/www.oms.fr\/wp-content\/uploads\/2024\/08\/TAD-ceret.jpg 681w\" sizes=\"auto, (max-width: 300px) 100vw, 300px\" \/><\/a><\/p>\n<p><img loading=\"lazy\" decoding=\"async\" class=\"alignleft size-full wp-image-481794\" src=\"https:\/\/www.oms.fr\/wp-content\/uploads\/2025\/09\/Ceballos.jpg\" alt=\"\" width=\"300\" height=\"85\" \/><\/p>\n<p>&nbsp;<\/p>\n<p>&nbsp;<\/p>\n<p>&nbsp;<\/p>\n<p><a href=\"https:\/\/www.electricien-leperthus-raoulceballos-hager.fr\/\" target=\"_blank\" rel=\"noopener\"><strong>Site web Raoul CEBALLOS<\/strong><\/a><\/p>\n<p>&nbsp;<\/p>\n<p><img loading=\"lazy\" decoding=\"async\" class=\"alignleft wp-image-463636 size-medium\" src=\"https:\/\/www.oms.fr\/wp-content\/uploads\/2025\/08\/Rochel1-300x186.jpg\" alt=\"\" width=\"300\" height=\"186\" srcset=\"https:\/\/www.oms.fr\/wp-content\/uploads\/2025\/08\/Rochel1-300x186.jpg 300w, https:\/\/www.oms.fr\/wp-content\/uploads\/2025\/08\/Rochel1-768x477.jpg 768w, https:\/\/www.oms.fr\/wp-content\/uploads\/2025\/08\/Rochel1.jpg 998w\" sizes=\"auto, (max-width: 300px) 100vw, 300px\" \/><\/p>\n<p><img loading=\"lazy\" decoding=\"async\" class=\"alignleft wp-image-463628 size-medium\" src=\"https:\/\/www.oms.fr\/wp-content\/uploads\/2025\/08\/Rochel1.2-300x184.jpg\" alt=\"\" width=\"300\" height=\"184\" srcset=\"https:\/\/www.oms.fr\/wp-content\/uploads\/2025\/08\/Rochel1.2-300x184.jpg 300w, https:\/\/www.oms.fr\/wp-content\/uploads\/2025\/08\/Rochel1.2-768x471.jpg 768w, https:\/\/www.oms.fr\/wp-content\/uploads\/2025\/08\/Rochel1.2.jpg 999w\" sizes=\"auto, (max-width: 300px) 100vw, 300px\" \/><\/p>\n<p>&nbsp;<\/p>\n<p>&nbsp;<\/p>\n<p>&nbsp;<\/p>\n<p>&nbsp;<\/p>\n<p>&nbsp;<\/p>\n<p>&nbsp;<\/p>\n<p>&nbsp;<\/p>\n<p>&nbsp;<\/p>\n<p>&nbsp;<\/p>\n<p>&nbsp;<\/p>\n<p><strong>Rochel R\u00e9novation - Climatisation ...<\/strong><\/p>\n<p>&nbsp;<\/p>\n<p><a href=\"https:\/\/www.oms.fr\/wp-content\/uploads\/2025\/05\/Francis-P.pdf\"><img loading=\"lazy\" decoding=\"async\" class=\"alignnone wp-image-384841 size-medium\" src=\"https:\/\/www.oms.fr\/wp-content\/uploads\/2025\/05\/Francis-P-300x125.png\" alt=\"\" width=\"300\" height=\"125\" srcset=\"https:\/\/www.oms.fr\/wp-content\/uploads\/2025\/05\/Francis-P-300x125.png 300w, https:\/\/www.oms.fr\/wp-content\/uploads\/2025\/05\/Francis-P-1024x427.png 1024w, https:\/\/www.oms.fr\/wp-content\/uploads\/2025\/05\/Francis-P-768x320.png 768w, https:\/\/www.oms.fr\/wp-content\/uploads\/2025\/05\/Francis-P-1536x640.png 1536w, https:\/\/www.oms.fr\/wp-content\/uploads\/2025\/05\/Francis-P.png 1600w\" sizes=\"auto, (max-width: 300px) 100vw, 300px\" \/><\/a><br \/>\n<strong>Francis Peschot:<\/strong> Conseiller Immobilier 06 81 03 05 13<\/p>\n<p><strong><img loading=\"lazy\" decoding=\"async\" class=\"alignnone wp-image-5030\" src=\"https:\/\/oms.fr\/wp-content\/uploads\/2020\/10\/logo3D-NORSCODE-300x73.png\" alt=\"\" width=\"172\" height=\"42\" srcset=\"https:\/\/www.oms.fr\/wp-content\/uploads\/2020\/10\/logo3D-NORSCODE-300x73.png 300w, https:\/\/www.oms.fr\/wp-content\/uploads\/2020\/10\/logo3D-NORSCODE.png 594w\" sizes=\"auto, (max-width: 172px) 100vw, 172px\" \/><\/strong><br \/>\n<strong>Norsecode<\/strong> : <strong>Web services, conseils et D\u00e9pannage Informatique :\u00a0 <\/strong>Nous accompagnons les particuliers, les associations et les professionnels pour :<br \/>\n- la conception et construction de sites web<br \/>\n- support aux syst\u00e8mes informatiques<br \/>\n- D\u00e9veloppement de sites web en PHP. Traduction du codage en effets visuels.<br \/>\nNous sommes adh\u00e9rents\u00a0 \u00e0 l'initiative de \"r\u00e9par'acteurs\", c'est \u00e0 dire les artisans r\u00e9parateurs de la chambre des m\u00e9tiers et de l'artisanat, en faveur du d\u00e9veloppement durable.<br \/>\n\u25ba <a href=\"https:\/\/norsecode.fr\/\" target=\"_blank\" rel=\"noopener noreferrer\"><strong>visitez notre site Web<\/strong><\/a><\/p>\n<p><a href=\"https:\/\/oms.fr\/wp-content\/uploads\/2020\/12\/Pat_0141.jpg\"><img loading=\"lazy\" decoding=\"async\" class=\"alignnone wp-image-5304\" src=\"https:\/\/oms.fr\/wp-content\/uploads\/2020\/12\/Pat_0141-300x197.jpg\" alt=\"\" width=\"200\" height=\"131\" srcset=\"https:\/\/www.oms.fr\/wp-content\/uploads\/2020\/12\/Pat_0141-300x197.jpg 300w, https:\/\/www.oms.fr\/wp-content\/uploads\/2020\/12\/Pat_0141.jpg 306w\" sizes=\"auto, (max-width: 200px) 100vw, 200px\" \/><\/a><\/p>\n<p><strong>Christian BERGER :<\/strong> Bardage bois-zinc-bac acier, couverture tuiles-zinc-bac acier, pose de goutti\u00e8res et chenaux, pose de Velux et chemin\u00e9e, refection toiture, recherche de fuites et r\u00e9paration, pose de pergolas bois et alu.<br \/>\n06.09.94.16.63<\/p>\n<p><img loading=\"lazy\" decoding=\"async\" class=\"alignnone wp-image-5034\" src=\"https:\/\/oms.fr\/wp-content\/uploads\/2020\/10\/4x4sse.jpg\" alt=\"\" width=\"200\" height=\"128\" \/>\u25ba <strong><a href=\"http:\/\/www.4x4-casse-auto-ceret.net\/\" target=\"_blank\" rel=\"noopener noreferrer\">visitez notre site Web<\/a><\/strong><br \/>\n<strong>PARTENAIRE de notre village<\/strong> - 4x4'sse nous aide pour le recyclage des pneus !<br \/>\nAfin d'\u00e9viter les d\u00e9p\u00f4ts sauvages dans notre beau village, 4x4'sse se charge de recycler vos pneus usag\u00e9s moyennant <strong>1\u20ac\/pneus<\/strong>.<br \/>\n<strong>4x4'sse<\/strong>, se charge aussi d'enlever les \u00e9paves de voiture (Agr\u00e9ment\u00a0 pr\u00e9fecture PR66000014D), les encombrants en m\u00e9tal, de la vente de pi\u00e8ces d\u00e9tach\u00e9es automobile neuves et occasions.<br \/>\n<strong>Pour recycler vos pneus,\u00a0 contactez Isabelle \u00e0 la Mairie<\/strong> et pour les autres services contactez directement 4x4'sse Auto (04 68 22 38 86).<\/p>\n<p>&nbsp;<\/p>\n<p>&nbsp;<\/p>\n<p><em><strong>Fabrication de meubles.<\/strong><\/em><\/p>\n<p><img loading=\"lazy\" decoding=\"async\" class=\"alignnone size-medium wp-image-140620\" src=\"https:\/\/www.oms.fr\/wp-content\/uploads\/2024\/06\/Atelier-Ginkgo-coordonnee-300x93.jpg\" alt=\"\" width=\"300\" height=\"93\" srcset=\"https:\/\/www.oms.fr\/wp-content\/uploads\/2024\/06\/Atelier-Ginkgo-coordonnee-300x93.jpg 300w, https:\/\/www.oms.fr\/wp-content\/uploads\/2024\/06\/Atelier-Ginkgo-coordonnee.jpg 581w\" sizes=\"auto, (max-width: 300px) 100vw, 300px\" \/> <img loading=\"lazy\" decoding=\"async\" class=\"alignnone size-full wp-image-140621\" src=\"https:\/\/www.oms.fr\/wp-content\/uploads\/2024\/06\/Atelier-Ginkgo.jpg\" alt=\"\" width=\"300\" height=\"192\" \/><\/p>\n<p>&nbsp;<\/p>\n<p>&nbsp;<\/p>\n<p><em><strong>Amandine coiffure \u00e0 domicile : 07.67.80.48.35<\/strong><\/em><\/p>\n<p><a href=\"https:\/\/www.oms.fr\/wp-content\/uploads\/2024\/11\/DOC261124.pdf\" target=\"_blank\" rel=\"noopener\"><img loading=\"lazy\" decoding=\"async\" class=\"alignnone size-medium wp-image-251436\" src=\"https:\/\/www.oms.fr\/wp-content\/uploads\/2024\/11\/DOC261124_page-0001-212x300.jpg\" alt=\"\" width=\"212\" height=\"300\" srcset=\"https:\/\/www.oms.fr\/wp-content\/uploads\/2024\/11\/DOC261124_page-0001-212x300.jpg 212w, https:\/\/www.oms.fr\/wp-content\/uploads\/2024\/11\/DOC261124_page-0001-723x1024.jpg 723w, https:\/\/www.oms.fr\/wp-content\/uploads\/2024\/11\/DOC261124_page-0001-768x1088.jpg 768w, https:\/\/www.oms.fr\/wp-content\/uploads\/2024\/11\/DOC261124_page-0001.jpg 875w\" sizes=\"auto, (max-width: 212px) 100vw, 212px\" \/><\/a><\/p>\n<p>&nbsp;<\/p>\n<p><strong>Marie - Sophie TURREL - G\u00e9n\u00e9alogiste <\/strong><\/p>\n<p><a href=\"https:\/\/www.turrelmariesophiegenealogiste.com\/\" target=\"_blank\" rel=\"noopener\"><strong>https:\/\/www.turrelmariesophiegenealogiste.com\/<\/strong><\/a><\/p>\n<p><img loading=\"lazy\" decoding=\"async\" class=\"alignnone size-medium wp-image-333953\" src=\"https:\/\/www.oms.fr\/wp-content\/uploads\/2025\/03\/Carte-de-visite-Cabinet-de-Genealogie-Turrel-300x190.jpg\" alt=\"\" width=\"300\" height=\"190\" srcset=\"https:\/\/www.oms.fr\/wp-content\/uploads\/2025\/03\/Carte-de-visite-Cabinet-de-Genealogie-Turrel-300x190.jpg 300w, https:\/\/www.oms.fr\/wp-content\/uploads\/2025\/03\/Carte-de-visite-Cabinet-de-Genealogie-Turrel-768x487.jpg 768w, https:\/\/www.oms.fr\/wp-content\/uploads\/2025\/03\/Carte-de-visite-Cabinet-de-Genealogie-Turrel.jpg 878w\" sizes=\"auto, (max-width: 300px) 100vw, 300px\" \/><\/p>\n<\/div>\n<\/div><\/div><\/div><div id=\"pgc-3655-0-1\"  class=\"panel-grid-cell\" ><div id=\"panel-3655-0-1-0\" class=\"so-panel widget widget_sow-editor panel-first-child panel-last-child\" data-index=\"1\" ><div\n\t\t\t\n\t\t\tclass=\"so-widget-sow-editor so-widget-sow-editor-base\"\n\t\t\t\n\t\t>\n<div class=\"siteorigin-widget-tinymce textwidget\">\n\t<p><a href=\"https:\/\/www.oms.fr\/wp-content\/uploads\/2025\/09\/Plaquette-information-GE-THIRIET-Oms-Catllar.pdf\" target=\"_blank\" rel=\"noopener\"><img loading=\"lazy\" decoding=\"async\" class=\"alignleft size-full wp-image-481824\" src=\"https:\/\/www.oms.fr\/wp-content\/uploads\/2025\/09\/CThiriet.jpg\" alt=\"\" width=\"300\" height=\"64\" \/><\/a><\/p>\n<p>&nbsp;<\/p>\n<p>&nbsp;<\/p>\n<p>J'interviens dans l\u2019ensemble des domaines suivants :<br \/>\n- Levers topographiques et architecturaux,<br \/>\n- Bornages amiables et d\u00e9limitations de propri\u00e9t\u00e9 publique,<br \/>\n- Urbanisme et divisions fonci\u00e8res,<br \/>\n- Relev\u00e9s 3D,<br \/>\n- Mise en copropri\u00e9t\u00e9.<\/p>\n<p><strong><a href=\"https:\/\/www.oms.fr\/wp-content\/uploads\/2025\/09\/Plaquette-information-GE-THIRIET-Oms-Catllar.pdf\" target=\"_blank\" rel=\"noopener\">Consulter la plaquette de C\u00e9cile Thiriet<\/a><\/strong><\/p>\n<p>&nbsp;<\/p>\n<p><img loading=\"lazy\" decoding=\"async\" class=\"alignleft wp-image-357260 size-medium\" src=\"https:\/\/www.oms.fr\/wp-content\/uploads\/2025\/04\/Nadine-1mini-300x190.jpg\" alt=\"\" width=\"300\" height=\"190\" srcset=\"https:\/\/www.oms.fr\/wp-content\/uploads\/2025\/04\/Nadine-1mini-300x190.jpg 300w, https:\/\/www.oms.fr\/wp-content\/uploads\/2025\/04\/Nadine-1mini.jpg 400w\" sizes=\"auto, (max-width: 300px) 100vw, 300px\" \/><a href=\"https:\/\/www.oms.fr\/en\/infoharmonia\/\"><img loading=\"lazy\" decoding=\"async\" class=\"alignleft wp-image-357258 size-medium\" src=\"https:\/\/www.oms.fr\/wp-content\/uploads\/2025\/04\/Nadine-mini-300x193.jpg\" alt=\"\" width=\"300\" height=\"193\" srcset=\"https:\/\/www.oms.fr\/wp-content\/uploads\/2025\/04\/Nadine-mini-300x193.jpg 300w, https:\/\/www.oms.fr\/wp-content\/uploads\/2025\/04\/Nadine-mini.jpg 400w\" sizes=\"auto, (max-width: 300px) 100vw, 300px\" \/><\/a><\/p>\n<p>&nbsp;<\/p>\n<p>&nbsp;<\/p>\n<p>&nbsp;<\/p>\n<p>&nbsp;<\/p>\n<p>&nbsp;<\/p>\n<p>&nbsp;<\/p>\n<p>&nbsp;<\/p>\n<p>&nbsp;<\/p>\n<p>&nbsp;<\/p>\n<p>&nbsp;<\/p>\n<p>&nbsp;<\/p>\n<p><strong>Nadine COLET - A l'\u00e9coute de l'Humain et de l'Animal<\/strong><br \/>\n<a href=\"https:\/\/infoharmonia.com\/\" target=\"_blank\" rel=\"noopener\">https:\/\/infoharmonia.com\/<\/a><\/p>\n<p>&nbsp;<\/p>\n<p><img loading=\"lazy\" decoding=\"async\" class=\"alignnone wp-image-140441 size-medium\" src=\"https:\/\/www.oms.fr\/wp-content\/uploads\/2024\/02\/Doucet-300x186.jpg\" alt=\"\" width=\"300\" height=\"186\" srcset=\"https:\/\/www.oms.fr\/wp-content\/uploads\/2024\/02\/Doucet-300x186.jpg 300w, https:\/\/www.oms.fr\/wp-content\/uploads\/2024\/02\/Doucet.jpg 485w\" sizes=\"auto, (max-width: 300px) 100vw, 300px\" \/><\/p>\n<p class=\"titrerouge\"><strong>ATELIER CLASSIC DU MASSINET<\/strong><\/p>\n<p>66 Pyr\u00e9n\u00e9es-Orientales - Oms - Serrat d'en Massinete<\/p>\n<p>M\u00e9canique voiture anciennes toutes marques, r\u00e9fection moteur et mise au point. D\u00e9placement sur site dans le 66.<\/p>\n<p>G\u00e9rard Doucet - 06 19 50 16 63 -<\/p>\n<p><strong><img loading=\"lazy\" decoding=\"async\" class=\"alignnone wp-image-5028\" src=\"https:\/\/oms.fr\/wp-content\/uploads\/2021\/10\/CL-SERVICES.jpg\" alt=\"\" width=\"301\" height=\"197\" \/><\/strong><br \/>\n<strong>CL Services - Entretiens tous locaux<\/strong> :<br \/>\n6 Carrer d'Avall 66400 OMS - 06 19 42 29 04<br \/>\nNettoyage tous locaux (Professionnels et particulier), trie, rangement, repassage, nettoyage, ...etc<\/p>\n<p><strong><img loading=\"lazy\" decoding=\"async\" class=\"alignnone wp-image-5028\" src=\"https:\/\/oms.fr\/wp-content\/uploads\/2020\/10\/David_RUIZ.jpg\" alt=\"\" width=\"300\" height=\"192\" \/><\/strong><br \/>\n<strong>David Ruiz - Entretien jardins<\/strong> :<br \/>\n9 lot Bosc d'en Guillemot 66400 OMS -\u00a0 06 74 57 67 58<br \/>\nNettoyage, entretien ext\u00e9rieur, d\u00e9broussaillage, abattage, \u00e9lagage, pose cl\u00f4ture souple, travaux mini-pelle.<\/p>\n<p><img loading=\"lazy\" decoding=\"async\" class=\"alignnone wp-image-5032\" src=\"https:\/\/oms.fr\/wp-content\/uploads\/2020\/10\/Vincent_DONDERO.jpg\" alt=\"\" width=\"300\" height=\"192\" \/><br \/>\n<strong>Vincent DONDERO - TP :<\/strong><br \/>\n66400 OMS - 06 72 68 83 50<br \/>\nTerrassement, assainissement autonome, d\u00e9molition, r\u00e9seaux secs et humides<\/p>\n<p><a href=\"https:\/\/oms.fr\/wp-content\/uploads\/2020\/10\/Remi_DEPONT.pdf\" target=\"_blank\" rel=\"noopener noreferrer\"><img loading=\"lazy\" decoding=\"async\" class=\"alignnone wp-image-5040\" src=\"https:\/\/oms.fr\/wp-content\/uploads\/2020\/10\/Remi_DEPONT.jpg\" alt=\"\" width=\"300\" height=\"135\" \/><\/a><br \/>\n<strong>Remi DEPONT - Travaux forestiers:<\/strong><br \/>\n1 bis rue de l'Orme 66400 OMS - 06 88 69 96 68<br \/>\nTravaux forestiers, sylviculture, sub\u00e9riculture, d\u00e9broussaillage, ...<br \/>\n<a href=\"https:\/\/oms.fr\/wp-content\/uploads\/2020\/10\/Remi_DEPONT.pdf\" target=\"_blank\" rel=\"noopener noreferrer\">\u25baInformations compl\u00e9mentaires<\/a><\/p>\n<p><img loading=\"lazy\" decoding=\"async\" class=\"alignnone wp-image-5048\" src=\"https:\/\/oms.fr\/wp-content\/uploads\/2020\/10\/DELGADO_Freres.jpg\" alt=\"\" width=\"300\" height=\"192\" \/><br \/>\n<strong>DELGADO Fr\u00e8res - Ma\u00e7onnerie en tous genres:<\/strong><br \/>\nTel.\/Fax : 0468394010<br \/>\nMa\u00e7onnerie en tous genres, pl\u00e2trerie, ciments, carrelage, ...<\/p>\n<p>&nbsp;<\/p>\n<p><strong>Cyntia SAUZET<\/strong><\/p>\n<p>Conseill\u00e8re ind\u00e9pendante immobilier: 06 68 12 22 26<\/p>\n<p><img loading=\"lazy\" decoding=\"async\" class=\"alignnone wp-image-168441\" src=\"https:\/\/www.oms.fr\/wp-content\/uploads\/2024\/07\/Cynthia.jpg\" alt=\"\" width=\"192\" height=\"301\" \/><\/p>\n<p>&nbsp;<\/p>\n<p><em><strong>Emmanuel MIQUEL<\/strong><\/em><\/p>\n<p><em><strong>Ma\u00eetrise d'\u0153uvre d'execution<\/strong><\/em><\/p>\n<p><a href=\"https:\/\/www.oms.fr\/wp-content\/uploads\/2024\/11\/Miquel.pdf\" target=\"_blank\" rel=\"noopener\"><img loading=\"lazy\" decoding=\"async\" class=\"alignnone wp-image-251486\" src=\"https:\/\/www.oms.fr\/wp-content\/uploads\/2024\/11\/Miquel-193x300.jpg\" alt=\"\" width=\"196\" height=\"305\" srcset=\"https:\/\/www.oms.fr\/wp-content\/uploads\/2024\/11\/Miquel-193x300.jpg 193w, https:\/\/www.oms.fr\/wp-content\/uploads\/2024\/11\/Miquel.jpg 319w\" sizes=\"auto, (max-width: 196px) 100vw, 196px\" \/><\/a><\/p>\n<p>&nbsp;<\/p>\n<\/div>\n<\/div><\/div><\/div><\/div><\/div>","protected":false},"excerpt":{"rendered":"<p>Les bonnes adresses des services \u00e0 Oms\u00a0 Service de transport a la demande\u00a0 &nbsp; &nbsp; &nbsp; Site web Raoul CEBALLOS &nbsp; &nbsp; &nbsp; &nbsp; &nbsp; &nbsp; &nbsp; &nbsp; &nbsp; &nbsp; &nbsp; Rochel R\u00e9novation &#8211; Climatisation &#8230; &nbsp; Francis Peschot: Conseiller [&hellip;]<\/p>\n","protected":false},"author":2,"featured_media":0,"parent":0,"menu_order":0,"comment_status":"closed","ping_status":"closed","template":"","meta":{"_acf_changed":false,"footnotes":""},"class_list":["post-3655","page","type-page","status-publish","hentry"],"acf":[],"_links":{"self":[{"href":"https:\/\/www.oms.fr\/en\/wp-json\/wp\/v2\/pages\/3655","targetHints":{"allow":["GET"]}}],"collection":[{"href":"https:\/\/www.oms.fr\/en\/wp-json\/wp\/v2\/pages"}],"about":[{"href":"https:\/\/www.oms.fr\/en\/wp-json\/wp\/v2\/types\/page"}],"author":[{"embeddable":true,"href":"https:\/\/www.oms.fr\/en\/wp-json\/wp\/v2\/users\/2"}],"replies":[{"embeddable":true,"href":"https:\/\/www.oms.fr\/en\/wp-json\/wp\/v2\/comments?post=3655"}],"version-history":[{"count":48,"href":"https:\/\/www.oms.fr\/en\/wp-json\/wp\/v2\/pages\/3655\/revisions"}],"predecessor-version":[{"id":481859,"href":"https:\/\/www.oms.fr\/en\/wp-json\/wp\/v2\/pages\/3655\/revisions\/481859"}],"wp:attachment":[{"href":"https:\/\/www.oms.fr\/en\/wp-json\/wp\/v2\/media?parent=3655"}],"curies":[{"name":"wp","href":"https:\/\/api.w.org\/{rel}","templated":true}]}}