{"id":6062,"date":"2021-02-08T18:09:10","date_gmt":"2021-02-08T17:09:10","guid":{"rendered":"https:\/\/oms.fr\/?page_id=6062"},"modified":"2024-03-25T10:21:43","modified_gmt":"2024-03-25T09:21:43","slug":"hebergements-restauration","status":"publish","type":"page","link":"https:\/\/www.oms.fr\/en\/hebergements-restauration\/","title":{"rendered":"H\u00e9bergements Restauration"},"content":{"rendered":"<div id=\"pl-6062\"  class=\"panel-layout\" ><div id=\"pg-6062-0\"  class=\"panel-grid panel-no-style\" ><div id=\"pgc-6062-0-0\"  class=\"panel-grid-cell\" ><div id=\"panel-6062-0-0-0\" class=\"so-panel widget widget_sow-editor panel-first-child\" data-index=\"0\" ><div class=\"panel-widget-style panel-widget-style-for-6062-0-0-0\" ><div\n\t\t\t\n\t\t\tclass=\"so-widget-sow-editor so-widget-sow-editor-base\"\n\t\t\t\n\t\t>\n<div class=\"siteorigin-widget-tinymce textwidget\">\n\t<pre style=\"text-align: center;\"><span class=\"so-premium-web-font\" style=\"color: #800080; font-family: Arial, sans-serif;\" data-web-font-module=\"web_safe\" data-font-info=\"{&quot;font&quot;:&quot;Arial&quot;,&quot;webfont&quot;:false,&quot;category&quot;:&quot;sans-serif&quot;,&quot;variant&quot;:null,&quot;module&quot;:&quot;web_safe&quot;}\"><strong>Restauration - <span style=\"text-decoration: underline;\"><span style=\"color: #993300; text-decoration: underline;\">Relais de l'Orme\n<\/span><\/span><\/strong><\/span><span class=\"so-premium-web-font\" style=\"color: #800080; font-family: Arial, sans-serif;\" data-web-font-module=\"web_safe\" data-font-info=\"{&quot;font&quot;:&quot;Arial&quot;,&quot;webfont&quot;:false,&quot;category&quot;:&quot;sans-serif&quot;,&quot;variant&quot;:null,&quot;module&quot;:&quot;web_safe&quot;}\"><span style=\"color: #993300;\"><img loading=\"lazy\" decoding=\"async\" class=\"wp-image-7436\" style=\"font-weight: bold;\" src=\"https:\/\/oms.fr\/wp-content\/uploads\/2021\/03\/Logo-Restaurant-72dpi-2.jpg\" alt=\"\" width=\"31\" height=\"30\" srcset=\"https:\/\/www.oms.fr\/wp-content\/uploads\/2021\/03\/Logo-Restaurant-72dpi-2.jpg 100w, https:\/\/www.oms.fr\/wp-content\/uploads\/2021\/03\/Logo-Restaurant-72dpi-2-55x55.jpg 55w\" sizes=\"auto, (max-width: 31px) 100vw, 31px\" \/>   <\/span><strong><span style=\"text-decoration: underline;\"><span style=\"color: #993300; text-decoration: underline;\"><strong style=\"color: #800080; font-family: Arial, sans-serif; text-align: center; font-size: 16px;\">Bar, Restaurant, Epicerie\n\n<\/strong><\/span><\/span><\/strong><\/span><img loading=\"lazy\" decoding=\"async\" class=\"wp-image-5179 aligncenter\" src=\"https:\/\/oms.fr\/wp-content\/uploads\/2020\/11\/Carte-visite-300x198.jpg\" alt=\"\" width=\"330\" height=\"218\" \/><\/pre>\n<pre style=\"text-align: center;\"><span class=\"so-premium-web-font\" style=\"font-family: Arial, sans-serif;\" data-web-font-module=\"web_safe\" data-font-info=\"{&quot;font&quot;:&quot;Arial&quot;,&quot;webfont&quot;:false,&quot;category&quot;:&quot;sans-serif&quot;,&quot;variant&quot;:null,&quot;module&quot;:&quot;web_safe&quot;}\"><span style=\"text-decoration: underline;\"><strong>\n\nAdresse<\/strong><\/span>: 16 rue de l'Orme 66400 Oms<\/span>\n<span class=\"so-premium-web-font\" style=\"font-family: Arial, sans-serif;\" data-web-font-module=\"web_safe\" data-font-info=\"{&quot;font&quot;:&quot;Arial&quot;,&quot;webfont&quot;:false,&quot;category&quot;:&quot;sans-serif&quot;,&quot;variant&quot;:null,&quot;module&quot;:&quot;web_safe&quot;}\"><span style=\"text-decoration: underline;\"><strong>T\u00e9l\u00e9phone<\/strong><\/span>: 09 52 55 29 12<\/span>\n<span class=\"so-premium-web-font\" style=\"font-family: Arial, sans-serif;\" data-web-font-module=\"web_safe\" data-font-info=\"{&quot;font&quot;:&quot;Arial&quot;,&quot;webfont&quot;:false,&quot;category&quot;:&quot;sans-serif&quot;,&quot;variant&quot;:null,&quot;module&quot;:&quot;web_safe&quot;}\"><span style=\"text-decoration: underline;\"><strong>email<\/strong><\/span>: contact@relaisdelorme.fr<\/span>\n<span class=\"so-premium-web-font\" style=\"font-family: Arial, sans-serif;\" data-web-font-module=\"web_safe\" data-font-info=\"{&quot;font&quot;:&quot;Arial&quot;,&quot;webfont&quot;:false,&quot;category&quot;:&quot;sans-serif&quot;,&quot;variant&quot;:null,&quot;module&quot;:&quot;web_safe&quot;}\"><span style=\"text-decoration: underline;\"><strong>Infos<\/strong><\/span>: <a href=\"https:\/\/www.lerelaisdelorme.fr\/\">lerelaisdelorme.fr<\/a><\/span><\/pre>\n<\/div>\n<\/div><\/div><\/div><div id=\"panel-6062-0-0-1\" class=\"so-panel widget widget_sow-editor\" data-index=\"1\" ><div\n\t\t\t\n\t\t\tclass=\"so-widget-sow-editor so-widget-sow-editor-base\"\n\t\t\t\n\t\t>\n<div class=\"siteorigin-widget-tinymce textwidget\">\n\t<\/div>\n<\/div><\/div><div id=\"panel-6062-0-0-2\" class=\"so-panel widget widget_sow-editor panel-last-child\" data-index=\"2\" ><div class=\"panel-widget-style panel-widget-style-for-6062-0-0-2\" ><div\n\t\t\t\n\t\t\tclass=\"so-widget-sow-editor so-widget-sow-editor-base\"\n\t\t\t\n\t\t>\n<div class=\"siteorigin-widget-tinymce textwidget\">\n\t<pre style=\"text-align: center;\"><span class=\"so-premium-web-font\" style=\"color: #800080; font-family: Arial, sans-serif;\" data-web-font-module=\"web_safe\" data-font-info=\"{&quot;font&quot;:&quot;Arial&quot;,&quot;webfont&quot;:false,&quot;category&quot;:&quot;sans-serif&quot;,&quot;variant&quot;:null,&quot;module&quot;:&quot;web_safe&quot;}\"><span style=\"color: #800080; font-family: Arial, sans-serif;\"><b>H\u00e9bergement<\/b><\/span><strong style=\"color: #800080; font-family: Arial, sans-serif;\"> - <span style=\"text-decoration: underline;\"><span style=\"color: #993300; text-decoration: underline;\">Le <\/span><span style=\"color: #993300; text-decoration: underline;\">Mas La Marchette<\/span><\/span>\n<\/strong><\/span><span class=\"so-premium-web-font\" style=\"color: #800080; font-family: Arial, sans-serif;\" data-web-font-module=\"web_safe\" data-font-info=\"{&quot;font&quot;:&quot;Arial&quot;,&quot;webfont&quot;:false,&quot;category&quot;:&quot;sans-serif&quot;,&quot;variant&quot;:null,&quot;module&quot;:&quot;web_safe&quot;}\"><strong><img loading=\"lazy\" decoding=\"async\" class=\"alignnone wp-image-7437\" src=\"https:\/\/oms.fr\/wp-content\/uploads\/2021\/03\/Hebergements-lit-2-300x300.jpg\" alt=\"\" width=\"30\" height=\"30\" srcset=\"https:\/\/www.oms.fr\/wp-content\/uploads\/2021\/03\/Hebergements-lit-2-300x300.jpg 300w, https:\/\/www.oms.fr\/wp-content\/uploads\/2021\/03\/Hebergements-lit-2-150x150.jpg 150w, https:\/\/www.oms.fr\/wp-content\/uploads\/2021\/03\/Hebergements-lit-2-55x55.jpg 55w, https:\/\/www.oms.fr\/wp-content\/uploads\/2021\/03\/Hebergements-lit-2.jpg 512w\" sizes=\"auto, (max-width: 30px) 100vw, 30px\" \/><\/strong>  <img loading=\"lazy\" decoding=\"async\" class=\"wp-image-7436\" style=\"font-weight: bold;\" src=\"https:\/\/oms.fr\/wp-content\/uploads\/2021\/03\/Logo-Restaurant-72dpi-2.jpg\" alt=\"\" width=\"31\" height=\"30\" srcset=\"https:\/\/www.oms.fr\/wp-content\/uploads\/2021\/03\/Logo-Restaurant-72dpi-2.jpg 100w, https:\/\/www.oms.fr\/wp-content\/uploads\/2021\/03\/Logo-Restaurant-72dpi-2-55x55.jpg 55w\" sizes=\"auto, (max-width: 31px) 100vw, 31px\" \/>     <\/span><span class=\"so-premium-web-font\" style=\"color: #800080; font-family: Arial, sans-serif;\" data-web-font-module=\"web_safe\" data-font-info=\"{&quot;font&quot;:&quot;Arial&quot;,&quot;webfont&quot;:false,&quot;category&quot;:&quot;sans-serif&quot;,&quot;variant&quot;:null,&quot;module&quot;:&quot;web_safe&quot;}\"><strong>Chambres d'<\/strong><\/span><span style=\"color: #800080; font-family: Arial, sans-serif;\"><b>H\u00f4te<\/b><\/span><\/pre>\n<p style=\"text-align: center;\">\u00a0 <img loading=\"lazy\" decoding=\"async\" class=\"alignnone size-medium wp-image-5174\" src=\"https:\/\/oms.fr\/wp-content\/uploads\/2020\/11\/MasLaMarchette02-300x159.jpg\" alt=\"Mas la Marchette G\u00eetes \u00e0 OMS 66400\" width=\"300\" height=\"159\" \/><\/p>\n<pre style=\"text-align: center;\"><span class=\"so-premium-web-font\" style=\"font-family: Arial, sans-serif;\" data-web-font-module=\"web_safe\" data-font-info=\"{&quot;font&quot;:&quot;Arial&quot;,&quot;webfont&quot;:false,&quot;category&quot;:&quot;sans-serif&quot;,&quot;variant&quot;:null,&quot;module&quot;:&quot;web_safe&quot;}\"><span style=\"text-decoration: underline;\"><strong>\nAdresse<\/strong><\/span>: 66 La Baixada 66400 Oms<\/span>\n<span class=\"so-premium-web-font\" style=\"font-family: Arial, sans-serif;\" data-web-font-module=\"web_safe\" data-font-info=\"{&quot;font&quot;:&quot;Arial&quot;,&quot;webfont&quot;:false,&quot;category&quot;:&quot;sans-serif&quot;,&quot;variant&quot;:null,&quot;module&quot;:&quot;web_safe&quot;}\"><span style=\"text-decoration: underline;\"><strong>T\u00e9l\u00e9phone<\/strong><\/span>: +33(0)631899260\n<strong><span style=\"text-decoration: underline;\">Email<\/span><\/strong>:oms@maslamarchette.fr<\/span>\n<span class=\"so-premium-web-font\" style=\"font-family: Arial, sans-serif;\" data-web-font-module=\"web_safe\" data-font-info=\"{&quot;font&quot;:&quot;Arial&quot;,&quot;webfont&quot;:false,&quot;category&quot;:&quot;sans-serif&quot;,&quot;variant&quot;:null,&quot;module&quot;:&quot;web_safe&quot;}\"><span style=\"text-decoration: underline;\"><strong>Infos<\/strong><\/span>: <a href=\"http:\/\/www.maslamarchette.fr\/\" target=\"_blank\" rel=\"noopener noreferrer\"><span style=\"text-decoration: underline;\">https:\/\/www.maslamarchette.fr\/<\/span><\/a><\/span><\/pre>\n<\/div>\n<\/div><\/div><\/div><\/div><div id=\"pgc-6062-0-1\"  class=\"panel-grid-cell\" ><div id=\"panel-6062-0-1-0\" class=\"so-panel widget widget_sow-editor panel-first-child panel-last-child\" data-index=\"3\" ><div class=\"panel-widget-style panel-widget-style-for-6062-0-1-0\" ><div\n\t\t\t\n\t\t\tclass=\"so-widget-sow-editor so-widget-sow-editor-base\"\n\t\t\t\n\t\t>\n<div class=\"siteorigin-widget-tinymce textwidget\">\n\t<pre style=\"text-align: center;\"><span class=\"so-premium-web-font\" style=\"color: #800080; font-family: Arial, sans-serif;\" data-web-font-module=\"web_safe\" data-font-info=\"{&quot;font&quot;:&quot;Arial&quot;,&quot;webfont&quot;:false,&quot;category&quot;:&quot;sans-serif&quot;,&quot;variant&quot;:null,&quot;module&quot;:&quot;web_safe&quot;}\"><span style=\"color: #800080; font-family: Arial, sans-serif;\"><b>H\u00e9bergement<\/b><\/span><strong style=\"color: #800080; font-family: Arial, sans-serif;\"> - <span style=\"text-decoration: underline;\"><span style=\"color: #993300; text-decoration: underline;\">Le Mas Picagnol<\/span><\/span>\n<\/strong><\/span><span class=\"so-premium-web-font\" style=\"color: #800080; font-family: Arial, sans-serif;\" data-web-font-module=\"web_safe\" data-font-info=\"{&quot;font&quot;:&quot;Arial&quot;,&quot;webfont&quot;:false,&quot;category&quot;:&quot;sans-serif&quot;,&quot;variant&quot;:null,&quot;module&quot;:&quot;web_safe&quot;}\"><strong><img loading=\"lazy\" decoding=\"async\" class=\"alignnone wp-image-7437\" src=\"https:\/\/oms.fr\/wp-content\/uploads\/2021\/03\/Hebergements-lit-2-300x300.jpg\" alt=\"\" width=\"31\" height=\"31\" srcset=\"https:\/\/www.oms.fr\/wp-content\/uploads\/2021\/03\/Hebergements-lit-2-300x300.jpg 300w, https:\/\/www.oms.fr\/wp-content\/uploads\/2021\/03\/Hebergements-lit-2-150x150.jpg 150w, https:\/\/www.oms.fr\/wp-content\/uploads\/2021\/03\/Hebergements-lit-2-55x55.jpg 55w, https:\/\/www.oms.fr\/wp-content\/uploads\/2021\/03\/Hebergements-lit-2.jpg 512w\" sizes=\"auto, (max-width: 31px) 100vw, 31px\" \/> Gites d'<\/strong><\/span><span style=\"color: #800080; font-family: Arial, sans-serif;\"><b>\u00e9tape\n<img loading=\"lazy\" decoding=\"async\" class=\"alignnone size-medium wp-image-140147\" src=\"https:\/\/oms.fr\/wp-content\/uploads\/2023\/08\/cropped-IMG_0446-1-1536x919-1-300x179.jpg\" alt=\"\" width=\"300\" height=\"179\" srcset=\"https:\/\/www.oms.fr\/wp-content\/uploads\/2023\/08\/cropped-IMG_0446-1-1536x919-1-300x179.jpg 300w, https:\/\/www.oms.fr\/wp-content\/uploads\/2023\/08\/cropped-IMG_0446-1-1536x919-1-1024x613.jpg 1024w, https:\/\/www.oms.fr\/wp-content\/uploads\/2023\/08\/cropped-IMG_0446-1-1536x919-1-768x460.jpg 768w, https:\/\/www.oms.fr\/wp-content\/uploads\/2023\/08\/cropped-IMG_0446-1-1536x919-1-1320x790.jpg 1320w, https:\/\/www.oms.fr\/wp-content\/uploads\/2023\/08\/cropped-IMG_0446-1-1536x919-1.jpg 1536w\" sizes=\"auto, (max-width: 300px) 100vw, 300px\" \/>\n<\/b><\/span><\/pre>\n<pre style=\"text-align: center;\"><span class=\"so-premium-web-font\" style=\"font-family: Arial, sans-serif;\" data-web-font-module=\"web_safe\" data-font-info=\"{&quot;font&quot;:&quot;Arial&quot;,&quot;webfont&quot;:false,&quot;category&quot;:&quot;sans-serif&quot;,&quot;variant&quot;:null,&quot;module&quot;:&quot;web_safe&quot;}\"><span style=\"text-decoration: underline;\"><strong>Adresse<\/strong><\/span>: carrer de la Calcine 66400 Oms<\/span>\n<span class=\"so-premium-web-font\" style=\"font-family: Arial, sans-serif;\" data-web-font-module=\"web_safe\" data-font-info=\"{&quot;font&quot;:&quot;Arial&quot;,&quot;webfont&quot;:false,&quot;category&quot;:&quot;sans-serif&quot;,&quot;variant&quot;:null,&quot;module&quot;:&quot;web_safe&quot;}\"><span style=\"text-decoration: underline;\"><strong>T\u00e9l\u00e9phone<\/strong><\/span>: +33 (0)6 60 75 89 74\n<strong><span style=\"text-decoration: underline;\">T\u00e9l\u00e9phone<\/span><\/strong>: +33 (0)4 68 68 00 93<\/span>\n<span class=\"so-premium-web-font\" style=\"font-family: Arial, sans-serif;\" data-web-font-module=\"web_safe\" data-font-info=\"{&quot;font&quot;:&quot;Arial&quot;,&quot;webfont&quot;:false,&quot;category&quot;:&quot;sans-serif&quot;,&quot;variant&quot;:null,&quot;module&quot;:&quot;web_safe&quot;}\"><span style=\"text-decoration: underline;\"><strong>Infos<\/strong><\/span>: <span style=\"text-decoration: underline;\"><a href=\"https:\/\/www.maspicagnol.com\/\" target=\"_blank\" rel=\"noopener noreferrer\">https:\/\/www.maspicagnol.com\/<\/a><\/span><\/span><\/pre>\n<\/div>\n<\/div><\/div><\/div><\/div><div id=\"pgc-6062-0-2\"  class=\"panel-grid-cell\" ><div id=\"panel-6062-0-2-0\" class=\"so-panel widget widget_sow-editor panel-first-child panel-last-child\" data-index=\"4\" ><div class=\"panel-widget-style panel-widget-style-for-6062-0-2-0\" ><div\n\t\t\t\n\t\t\tclass=\"so-widget-sow-editor so-widget-sow-editor-base\"\n\t\t\t\n\t\t>\n<div class=\"siteorigin-widget-tinymce textwidget\">\n\t<pre style=\"text-align: center;\"><span class=\"so-premium-web-font\" style=\"color: #800080; font-family: Arial, sans-serif;\" data-web-font-module=\"web_safe\" data-font-info=\"{&quot;font&quot;:&quot;Arial&quot;,&quot;webfont&quot;:false,&quot;category&quot;:&quot;sans-serif&quot;,&quot;variant&quot;:null,&quot;module&quot;:&quot;web_safe&quot;}\"><span style=\"color: #800080; font-family: Arial, sans-serif;\"><b>H\u00e9bergement<\/b><\/span><strong style=\"color: #800080; font-family: Arial, sans-serif;\"> - <span style=\"text-decoration: underline;\"><span style=\"color: #993300; text-decoration: underline;\">Le Mas des Colombes<\/span><\/span>\n<\/strong><\/span><span class=\"so-premium-web-font\" style=\"color: #800080; font-family: Arial, sans-serif;\" data-web-font-module=\"web_safe\" data-font-info=\"{&quot;font&quot;:&quot;Arial&quot;,&quot;webfont&quot;:false,&quot;category&quot;:&quot;sans-serif&quot;,&quot;variant&quot;:null,&quot;module&quot;:&quot;web_safe&quot;}\"><strong><img loading=\"lazy\" decoding=\"async\" class=\"alignnone wp-image-7437\" src=\"https:\/\/oms.fr\/wp-content\/uploads\/2021\/03\/Hebergements-lit-2-300x300.jpg\" alt=\"\" width=\"30\" height=\"30\" srcset=\"https:\/\/www.oms.fr\/wp-content\/uploads\/2021\/03\/Hebergements-lit-2-300x300.jpg 300w, https:\/\/www.oms.fr\/wp-content\/uploads\/2021\/03\/Hebergements-lit-2-150x150.jpg 150w, https:\/\/www.oms.fr\/wp-content\/uploads\/2021\/03\/Hebergements-lit-2-55x55.jpg 55w, https:\/\/www.oms.fr\/wp-content\/uploads\/2021\/03\/Hebergements-lit-2.jpg 512w\" sizes=\"auto, (max-width: 30px) 100vw, 30px\" \/>  <\/strong><\/span><img loading=\"lazy\" decoding=\"async\" class=\"wp-image-7436\" style=\"font-family: Georgia, 'Times New Roman', 'Bitstream Charter', Times, serif;\" src=\"https:\/\/oms.fr\/wp-content\/uploads\/2021\/03\/Logo-Restaurant-72dpi-2.jpg\" alt=\"\" width=\"31\" height=\"30\" srcset=\"https:\/\/www.oms.fr\/wp-content\/uploads\/2021\/03\/Logo-Restaurant-72dpi-2.jpg 100w, https:\/\/www.oms.fr\/wp-content\/uploads\/2021\/03\/Logo-Restaurant-72dpi-2-55x55.jpg 55w\" sizes=\"auto, (max-width: 31px) 100vw, 31px\" \/>  <span class=\"so-premium-web-font\" style=\"color: #800080; font-family: Arial, sans-serif;\" data-web-font-module=\"web_safe\" data-font-info=\"{&quot;font&quot;:&quot;Arial&quot;,&quot;webfont&quot;:false,&quot;category&quot;:&quot;sans-serif&quot;,&quot;variant&quot;:null,&quot;module&quot;:&quot;web_safe&quot;}\"><strong>Chambres d'<\/strong><\/span><span style=\"color: #800080; font-family: Arial, sans-serif;\"><b>H\u00f4te<\/b><\/span><\/pre>\n<p><iframe loading=\"lazy\" title=\"Le Mas des Colombes - Chambres d&#039;h\u00f4tes de Luxe en Pays Catalan\" width=\"640\" height=\"360\" src=\"https:\/\/www.youtube.com\/embed\/931KnjqEbRs?feature=oembed\" frameborder=\"0\" allow=\"accelerometer; autoplay; clipboard-write; encrypted-media; gyroscope; picture-in-picture; web-share\" referrerpolicy=\"strict-origin-when-cross-origin\" allowfullscreen><\/iframe><\/p>\n<pre style=\"text-align: center;\"><span class=\"so-premium-web-font\" style=\"font-family: Arial, sans-serif;\" data-web-font-module=\"web_safe\" data-font-info=\"{&quot;font&quot;:&quot;Arial&quot;,&quot;webfont&quot;:false,&quot;category&quot;:&quot;sans-serif&quot;,&quot;variant&quot;:null,&quot;module&quot;:&quot;web_safe&quot;}\"><span style=\"text-decoration: underline;\"><strong>Adresse<\/strong><\/span>: 17 Chemin de Reynes 66400 Oms\n<\/span><span class=\"so-premium-web-font\" style=\"font-family: Arial, sans-serif;\" data-web-font-module=\"web_safe\" data-font-info=\"{&quot;font&quot;:&quot;Arial&quot;,&quot;webfont&quot;:false,&quot;category&quot;:&quot;sans-serif&quot;,&quot;variant&quot;:null,&quot;module&quot;:&quot;web_safe&quot;}\"><span style=\"text-decoration: underline;\"><strong>T\u00e9l\u00e9phone<\/strong><\/span>: +33 (0)6 17 42 87 14\n<\/span><span class=\"so-premium-web-font\" style=\"font-family: Arial, sans-serif;\" data-web-font-module=\"web_safe\" data-font-info=\"{&quot;font&quot;:&quot;Arial&quot;,&quot;webfont&quot;:false,&quot;category&quot;:&quot;sans-serif&quot;,&quot;variant&quot;:null,&quot;module&quot;:&quot;web_safe&quot;}\"><strong><span style=\"text-decoration: underline;\">Email<\/span><\/strong>: contact@mas-des-colombes.com\n<\/span><span class=\"so-premium-web-font\" style=\"font-family: Arial, sans-serif;\" data-web-font-module=\"web_safe\" data-font-info=\"{&quot;font&quot;:&quot;Arial&quot;,&quot;webfont&quot;:false,&quot;category&quot;:&quot;sans-serif&quot;,&quot;variant&quot;:null,&quot;module&quot;:&quot;web_safe&quot;}\"><span style=\"text-decoration: underline;\"><strong>Infos<\/strong><\/span>: <span style=\"text-decoration: underline;\"><a href=\"https:\/\/www.mas-des-colombes.com\/\" target=\"_blank\" rel=\"noopener noreferrer\">https:\/\/www.mas-des-colombes.com\/<\/a><\/span><\/span><\/pre>\n<\/div>\n<\/div><\/div><\/div><\/div><\/div><div id=\"pg-6062-1\"  class=\"panel-grid panel-no-style\" ><div id=\"pgc-6062-1-0\"  class=\"panel-grid-cell panel-grid-cell-empty\" ><\/div><div id=\"pgc-6062-1-1\"  class=\"panel-grid-cell panel-grid-cell-empty panel-grid-cell-mobile-last\" ><\/div><div id=\"pgc-6062-1-2\"  class=\"panel-grid-cell panel-grid-cell-empty\" ><\/div><\/div><\/div>","protected":false},"excerpt":{"rendered":"<p>Restauration &#8211; Relais de l&rsquo;Orme Bar, Restaurant, Epicerie Adresse: 16 rue de l&rsquo;Orme 66400 Oms T\u00e9l\u00e9phone: 09 52 55 29 12 email: contact@relaisdelorme.fr Infos: lerelaisdelorme.fr H\u00e9bergement &#8211; Le Mas La Marchette Chambres d&rsquo;H\u00f4te \u00a0 Adresse: 66 La Baixada 66400 Oms [&hellip;]<\/p>\n","protected":false},"author":1,"featured_media":0,"parent":0,"menu_order":0,"comment_status":"closed","ping_status":"closed","template":"","meta":{"_acf_changed":false,"footnotes":""},"class_list":["post-6062","page","type-page","status-publish","hentry"],"acf":[],"_links":{"self":[{"href":"https:\/\/www.oms.fr\/en\/wp-json\/wp\/v2\/pages\/6062","targetHints":{"allow":["GET"]}}],"collection":[{"href":"https:\/\/www.oms.fr\/en\/wp-json\/wp\/v2\/pages"}],"about":[{"href":"https:\/\/www.oms.fr\/en\/wp-json\/wp\/v2\/types\/page"}],"author":[{"embeddable":true,"href":"https:\/\/www.oms.fr\/en\/wp-json\/wp\/v2\/users\/1"}],"replies":[{"embeddable":true,"href":"https:\/\/www.oms.fr\/en\/wp-json\/wp\/v2\/comments?post=6062"}],"version-history":[{"count":0,"href":"https:\/\/www.oms.fr\/en\/wp-json\/wp\/v2\/pages\/6062\/revisions"}],"wp:attachment":[{"href":"https:\/\/www.oms.fr\/en\/wp-json\/wp\/v2\/media?parent=6062"}],"curies":[{"name":"wp","href":"https:\/\/api.w.org\/{rel}","templated":true}]}}