{"id":96,"date":"2016-04-18T12:43:28","date_gmt":"2016-04-18T11:43:28","guid":{"rendered":"https:\/\/oms.fr\/?page_id=96"},"modified":"2025-02-04T11:52:51","modified_gmt":"2025-02-04T10:52:51","slug":"la-mairie","status":"publish","type":"page","link":"https:\/\/www.oms.fr\/en\/la-mairie\/","title":{"rendered":"Mairie- Services publics"},"content":{"rendered":"<div id=\"pl-96\"  class=\"panel-layout\" ><div id=\"pg-96-0\"  class=\"panel-grid panel-no-style\" ><div id=\"pgc-96-0-0\"  class=\"panel-grid-cell\" ><div id=\"panel-96-0-0-0\" class=\"so-panel widget widget_sow-editor panel-first-child panel-last-child\" data-index=\"0\" ><div\n\t\t\t\n\t\t\tclass=\"so-widget-sow-editor so-widget-sow-editor-base\"\n\t\t\t\n\t\t>\n<div class=\"siteorigin-widget-tinymce textwidget\">\n\t<p><strong>La mairie de Oms\u00a0 vous accueille<\/strong> :<br \/>\nLundi, Mardi, Jeudi et vendredi de 9:00 \u00e0 12:00 et <strong>sur rendez-vous<\/strong>, de 13:30 \u00e0 16:30.<\/p>\n<p>T\u00e9l:<a href=\"tel: +33468394013\"><strong> 04.<\/strong><\/a><a href=\"tel: +33468394013\"><strong>68.39.40.13<\/strong><\/a>\u00a0 - Fax: 09.72.44.40.62 <strong><a href=\"https:\/\/www.oms.fr\/en\/nous-contacter\/\">Contactez nous par email<\/a><\/strong><\/p>\n<p><strong>Num\u00e9ros d'urgence<\/strong><br \/>\n<img loading=\"lazy\" decoding=\"async\" class=\"alignnone size-medium wp-image-5017\" src=\"https:\/\/oms.fr\/wp-content\/uploads\/2020\/10\/tels-utiles-300x88.png\" alt=\"\" width=\"300\" height=\"88\" srcset=\"https:\/\/www.oms.fr\/wp-content\/uploads\/2020\/10\/tels-utiles-300x88.png 300w, https:\/\/www.oms.fr\/wp-content\/uploads\/2020\/10\/tels-utiles.png 768w\" sizes=\"auto, (max-width: 300px) 100vw, 300px\" \/><\/p>\n<p><img loading=\"lazy\" decoding=\"async\" class=\"alignnone size-full wp-image-3191\" src=\"https:\/\/oms.fr\/wp-content\/uploads\/2020\/04\/La_Poste_logo-e1584959726481.png\" alt=\"\" width=\"50\" height=\"35\" \/> <strong>L'agence postale vous accueille dans les locaux de la mairie:<\/strong><br \/>\nLundi, Mardi, Jeudi, Vendredi de 9:00 \u00e0 12h00. Services disponibles <a href=\"https:\/\/localiser.laposte.fr\/pyrenees-orientales\/oms\/oms-mairie-661260\">Cliquez ici<\/a><\/p>\n<p>T\u00e9l: 04.68.39.40.00<\/p>\n<p><strong><a href=\"https:\/\/parcelsapp.com\/fr\" target=\"_blank\" rel=\"noopener noreferrer\"><img loading=\"lazy\" decoding=\"async\" class=\"alignnone wp-image-5235\" src=\"https:\/\/oms.fr\/wp-content\/uploads\/2020\/12\/suivre_mini.png\" alt=\"\" width=\"30\" height=\"30\" \/><\/a>\u00a0Suivi des colis et des livraisons<\/strong><br \/>\nSuivez votre colis en provenance de La Poste, Mondial Relay, Relais Colis, Colis Prive, La Poste Chinoise, Royal Mail Royaume-Uni, Aliexpress, Shein, Amazon, GearBest, eBay, FedEx, Cdiscount <strong><a href=\"https:\/\/parcelsapp.com\/fr\" target=\"_blank\" rel=\"noopener noreferrer\">Cliquez ici<\/a><\/strong><\/p>\n<p><a href=\"https:\/\/www.cc-aspres.fr\/\" target=\"_blank\" rel=\"noopener\"><img loading=\"lazy\" decoding=\"async\" class=\"alignnone wp-image-260558 size-full\" src=\"https:\/\/www.oms.fr\/wp-content\/uploads\/2024\/12\/ccaspres.png\" alt=\"\" width=\"204\" height=\"144\" \/><\/a><\/p>\n<p>&nbsp;<\/p>\n<\/div>\n<\/div><\/div><\/div><div id=\"pgc-96-0-1\"  class=\"panel-grid-cell\" ><div id=\"panel-96-0-1-0\" class=\"so-panel widget widget_sow-editor panel-first-child panel-last-child\" data-index=\"1\" ><div\n\t\t\t\n\t\t\tclass=\"so-widget-sow-editor so-widget-sow-editor-base\"\n\t\t\t\n\t\t>\n<div class=\"siteorigin-widget-tinymce textwidget\">\n\t<p><img loading=\"lazy\" decoding=\"async\" class=\"alignnone size-medium wp-image-3018\" src=\"https:\/\/oms.fr\/wp-content\/uploads\/2020\/04\/mairie-300x143.jpg\" alt=\"\" width=\"300\" height=\"143\" srcset=\"https:\/\/www.oms.fr\/wp-content\/uploads\/2020\/04\/mairie-300x143.jpg 300w, https:\/\/www.oms.fr\/wp-content\/uploads\/2020\/04\/mairie.jpg 500w\" sizes=\"auto, (max-width: 300px) 100vw, 300px\" \/><\/p>\n<p><strong>Conseil g\u00e9n\u00e9ral des Pyr\u00e9n\u00e9es orientales :<\/strong><br \/>\nMaison Sociale des Aspres :<br \/>\n19 avenue Amiral Nabona - 66300 THUIR 04 68 53 69 55<br \/>\n<strong><a href=\"https:\/\/www.ledepartement66.fr\/dossier\/les-maisons-sociales-de-proximite\/\" target=\"_blank\" rel=\"noopener noreferrer\">\u25baMaisons sociales de proximit\u00e9\u00a0 les Missions<\/a>\u00a0<\/strong><\/p>\n<p><img loading=\"lazy\" decoding=\"async\" class=\"alignnone\" src=\"https:\/\/oms.fr\/wp-content\/uploads\/2022\/04\/Logo-Enedis-ERDF.png\" alt=\"Ouverture de mon compteur Enedis: d\u00e9marches\" width=\"102\" height=\"28\" \/><br \/>\nOuverture de mon compteur Enedis: <strong><a href=\"https:\/\/www.enedis.fr\/particulier\" target=\"_blank\" rel=\"noopener noreferrer\">\u25bad\u00e9marches<\/a><\/strong><\/p>\n<p><img loading=\"lazy\" decoding=\"async\" class=\"alignnone wp-image-254644\" src=\"https:\/\/www.oms.fr\/wp-content\/uploads\/2024\/12\/Gendarmerie.png\" alt=\"\" width=\"200\" height=\"112\" \/><\/p>\n<p><strong>Permanence Gendarmerie \u00e0 la Mairie le 1er de chaque mois de 15h \u00e0 18h.<\/strong><\/p>\n<p>L'accueil est assur\u00e9 pour vos question, d\u00e9marches, d\u00e9p\u00f4t de plainte...<\/p>\n<p>&nbsp;<\/p>\n<h2>MAISON FRANCE SERVICES<\/h2>\n<h1><a href=\"https:\/\/www.oms.fr\/wp-content\/uploads\/2025\/01\/cn-Affiche-France-services_page-0001-1_compressed.pdf\" target=\"_blank\" rel=\"noopener\">\u00a0 \u00a0<\/a><a href=\"https:\/\/www.oms.fr\/wp-content\/uploads\/2025\/01\/cn-Affiche-France-services_page-0001-1_compressed.pdf\" target=\"_blank\" rel=\"noopener\"><img loading=\"lazy\" decoding=\"async\" class=\"alignnone wp-image-309350 size-medium\" src=\"https:\/\/www.oms.fr\/wp-content\/uploads\/2025\/01\/cn-Affiche-France-services_page-0001-1-212x300.jpg\" alt=\"\" width=\"212\" height=\"300\" srcset=\"https:\/\/www.oms.fr\/wp-content\/uploads\/2025\/01\/cn-Affiche-France-services_page-0001-1-212x300.jpg 212w, https:\/\/www.oms.fr\/wp-content\/uploads\/2025\/01\/cn-Affiche-France-services_page-0001-1-724x1024.jpg 724w, https:\/\/www.oms.fr\/wp-content\/uploads\/2025\/01\/cn-Affiche-France-services_page-0001-1-768x1086.jpg 768w, https:\/\/www.oms.fr\/wp-content\/uploads\/2025\/01\/cn-Affiche-France-services_page-0001-1-1086x1536.jpg 1086w, https:\/\/www.oms.fr\/wp-content\/uploads\/2025\/01\/cn-Affiche-France-services_page-0001-1-1448x2048.jpg 1448w, https:\/\/www.oms.fr\/wp-content\/uploads\/2025\/01\/cn-Affiche-France-services_page-0001-1-scaled.jpg 1810w\" sizes=\"auto, (max-width: 212px) 100vw, 212px\" \/><\/a><\/h1>\n<p><a href=\"https:\/\/www.oms.fr\/wp-content\/uploads\/2025\/01\/blobid1738175087870.pdf\" target=\"_blank\" rel=\"noopener\"><img loading=\"lazy\" decoding=\"async\" class=\"alignnone wp-image-309323 size-medium\" src=\"https:\/\/www.oms.fr\/wp-content\/uploads\/2025\/01\/blobid1738175087870-2-300x166.jpg\" alt=\"\" width=\"300\" height=\"166\" srcset=\"https:\/\/www.oms.fr\/wp-content\/uploads\/2025\/01\/blobid1738175087870-2-300x166.jpg 300w, https:\/\/www.oms.fr\/wp-content\/uploads\/2025\/01\/blobid1738175087870-2.jpg 542w\" sizes=\"auto, (max-width: 300px) 100vw, 300px\" \/><\/a><\/p>\n<p>&nbsp;<\/p>\n<h3><strong>Nouveau \u00e0 OMS , Itin\u00e9rance conseill\u00e8re num\u00e9rique France Services des Aspres, tous les premiers lundi du mois d\u00e8s lundi 3 f\u00e9vrier de 14h30\u00a0 \u00e0 16h30. <\/strong><strong>Pour participer, inscrivez vous en appelant la Mairie. 04.68.39.40.13<\/strong><\/h3>\n<h3>Un accompagnement personnalis\u00e9 sur l\u2019acc\u00e8s aux droits et d\u00e9marches en ligne :<\/h3>\n<ul>\n<li><strong>FRANCE TRAVAIL :<\/strong>\u00a0cr\u00e9ation de CV, prise de rendez-vous avec un conseiller, d\u00e9claration en ligne, demande d\u2019attestation, gestion de la messagerie<\/li>\n<li><strong>CAISSE D\u2019ALLOCATIONS FAMILIALES :<\/strong>\u00a0simulations, prime d\u2019activit\u00e9, allocation logement, attestations<\/li>\n<li><strong>AUTRES SERVICES PUBLICS :<\/strong>\u00a0d\u00e9claration d\u2019imp\u00f4ts, carte grise, amende \u00e0 payer, \u00e9tat civil, livret de famille, acte de naissance, paiement sur internet (s\u00e9curisation carte bancaire),<\/li>\n<li><strong>S\u00c9CURIT\u00c9 SOCIALE :<\/strong>\u00a0attestations, carte vitale, indemnit\u00e9s journali\u00e8res, prise de rendez-vous<\/li>\n<li><strong>RETRAITE :<\/strong> Montage de dossier de demande de retraite, et de pension de r\u00e9version<\/li>\n<\/ul>\n<h3><\/h3>\n<\/div>\n<\/div><\/div><\/div><\/div><\/div>","protected":false},"excerpt":{"rendered":"<p>La mairie de Oms\u00a0 vous accueille : Lundi, Mardi, Jeudi et vendredi de 9:00 \u00e0 12:00 et sur rendez-vous, de 13:30 \u00e0 16:30. T\u00e9l: 04.68.39.40.13\u00a0 &#8211; Fax: 09.72.44.40.62 Contactez nous par email Num\u00e9ros d&rsquo;urgence L&rsquo;agence postale vous accueille dans les [&hellip;]<\/p>\n","protected":false},"author":2,"featured_media":0,"parent":0,"menu_order":0,"comment_status":"closed","ping_status":"closed","template":"","meta":{"_acf_changed":false,"footnotes":""},"class_list":["post-96","page","type-page","status-publish","hentry"],"acf":[],"_links":{"self":[{"href":"https:\/\/www.oms.fr\/en\/wp-json\/wp\/v2\/pages\/96","targetHints":{"allow":["GET"]}}],"collection":[{"href":"https:\/\/www.oms.fr\/en\/wp-json\/wp\/v2\/pages"}],"about":[{"href":"https:\/\/www.oms.fr\/en\/wp-json\/wp\/v2\/types\/page"}],"author":[{"embeddable":true,"href":"https:\/\/www.oms.fr\/en\/wp-json\/wp\/v2\/users\/2"}],"replies":[{"embeddable":true,"href":"https:\/\/www.oms.fr\/en\/wp-json\/wp\/v2\/comments?post=96"}],"version-history":[{"count":18,"href":"https:\/\/www.oms.fr\/en\/wp-json\/wp\/v2\/pages\/96\/revisions"}],"predecessor-version":[{"id":311357,"href":"https:\/\/www.oms.fr\/en\/wp-json\/wp\/v2\/pages\/96\/revisions\/311357"}],"wp:attachment":[{"href":"https:\/\/www.oms.fr\/en\/wp-json\/wp\/v2\/media?parent=96"}],"curies":[{"name":"wp","href":"https:\/\/api.w.org\/{rel}","templated":true}]}}